{"id":2,"date":"2012-08-20T05:51:15","date_gmt":"2012-08-20T04:51:15","guid":{"rendered":"http:\/\/test.alfacoder1.de\/install\/wordpress\/?page_id=2"},"modified":"2025-02-21T18:45:18","modified_gmt":"2025-02-21T17:45:18","slug":"vortraege","status":"publish","type":"page","link":"http:\/\/stanek.ch\/wordpress\/vortraege\/","title":{"rendered":"Vortr\u00e4ge"},"content":{"rendered":"<p>Kommentar aus Altersgr\u00fcnden: Vortr\u00e4ge werden langsam schwieriger &#8211; ich werde dieses Jahr 82.  Es gilt immer mehr, dass die Anl\u00e4sse nur noch unter idealen terminlichen und anderen Gr\u00fcnden stattfinden k\u00f6nnen. Anders gesagt, wenn sie beiden Seiten w\u00fcnschbar und machbar zugleich erscheinen. Die Bereitschaft ist aber immer vorhanden, weil auch der Goldauer Herbstvortrag fast t\u00e4glich erg\u00e4nzt wird.<\/p>\n<p><a href=\"http:\/\/stanek.ch\/wordpress\/category\/vortrageupcoming\/\">Bevorstehende \u00f6ffentliche Vortr\u00e4ge<\/p>\n<p><\/a><a href=\"http:\/\/stanek.ch\/wordpress\/category\/vortragehistory\/\">Vergangene \u00f6ffentliche Vortr\u00e4ge ab 2011<\/p>\n<p><\/a><a href=\"http:\/\/stanek.ch\/wordpress\/vergangene-vortrage-2000-2010\/\">Vergangene \u00f6ffentliche Vortr\u00e4ge 2000 &#8211; 2010<\/a><\/p>\n<p>Plakatsammlung aller Goldauer Vortr\u00e4ge seit 2005:<br \/>\n<a href=\"http:\/\/stanek.ch\/wordpress\/weltgeschehen\/2022\/01\/vortrags-plakate-fur-sammler\/\">Vortrags-Plakate f\u00fcr Sammler<\/a><\/p>\n<p>Ganz neu: 20 Jahre Erfahrung mit dem Ferienpass f\u00fcr Arth und Umgebung sowie 50 Jahren Schulvortr\u00e4gen in der ganzen Schweiz sowie einer genialen Neu-Planung dieser Pep-Talks  ab 2022 lassen mich auch diese Option nun unter dem Begriff &#8222;Vortr\u00e4ge&#8220; empfehlen!  <a href=\"http:\/\/stanek.ch\/wordpress\/wp-content\/uploads\/2022\/03\/Neuer-Kinder-Ferienpass-2022-kurz.jpg\">Dauer etwa eine Stunde, optional mit Pause.<\/a><\/p>\n<p><strong><em>Die folgenden Empfehlungen aus einiger Vergangenheit sind heute mit Vorsicht zu geniessen:<\/em><br \/>\n<\/strong><br \/>\nHier erst ein paar Worte voraus, bevor ein Vortrag mit mir geplant wird. Es lohnt es sich zu beachten, was sich \u00fcber ein halbes Jahrhundert bis in die j\u00fcngste Gegenwart bew\u00e4hrt hat. Organisator und Referent wollen beim Publikum n\u00e4mlich beide den maximalen Erfolg erzielen!<\/p>\n<p>Zu meiner Erfahrung geh\u00f6rt, dass die W\u00fcnsche von Initianten durchaus rational erkl\u00e4rbar auseinandergehen k\u00f6nnen. Wer sich seiner Lebtag mit der Materie auseinandergesetzt hat, will vor allem wissen, was die Zukunft bringt, weil er die Vergangenheit schon kennt. Wer dagegen per Zufall auf das f\u00fcr ihn neue Thema gestossen ist, kann gar keine anderen W\u00fcnsche vorbringen als die Erinnerung an Einstiges, was dank extremer Medienpr\u00e4senz h\u00e4ngengeblieben ist. Vielleicht wird auch angenommen, dass die Raumfahrt immer noch so sei wie einst, als sie die Medien einmalig in der Geschichte damit \u00fcberschwemmt haben wie z.B. 1968-1972. <\/p>\n<p>Meine L\u00f6sung des Dilemmas besteht meist darin, dass ich nur bei Senioren mit der Vergangenheit beginne, aber bereits mit Schwerpunkt der Beantwortung von alledem, was man damals schon gerne gewusst h\u00e4tte. Dazu kommt noch die Wieder-Klarstellung dessen, was die Medien in den 40 Jahren unklar werden liessen. Insbesondere, ob die Zweifel an der Realit\u00e4t des damals wie heute unvorstellbar avantgardistischen Geschehens \u00fcberhaupt gerechtfertigt sind. Im Idealfall kehrt dann die Freude und der Stolz der damaligen Generation an den sechsmal gelungenen Mondlandungen zur\u00fcck. Damit ist schon viel erreicht, und die Neugier an der ebenso faszinierenden Gegenwart und Zukunft im Hauptteil kehrt zur\u00fcck.<\/p>\n<p>Ein vor allem bei \u00e4lteren Zuh\u00f6rern besonderer Aspekt ist die Sprechdauer, weil die Aufmerksamkeitsspanne Fitness-bedingt abnimmt. Bei der Ber\u00fccksichtigung dieses Umstandes ist allerdings zu beachten, dass z.B. ein st\u00fcndiges Referat bei mir subjektiv meist als 45 oder sogar nur 30 Minuten empfunden wird. Auch gilt Goethe&#8217;s Erfahrung \u00abMein lieber Freund, wenn ich mehr Zeit gehabt h\u00e4tte, dann h\u00e4tte ich dir einen k\u00fcrzeren Brief geschrieben\u00bb in dem Sinne, dass ein extrem kurzer Vortrag zwar ungleich mehr Vorbereitung erfordert, praktisch nicht illustriert werden kann und deshalb bald einmal armselig wirkt. Einstein: man soll alles so kurz sagen wie m\u00f6glich, aber nicht k\u00fcrzer&#8230; Ich habe bei Vortr\u00e4gen hinterher noch nie geh\u00f6rt, die \u00abBegegnung\u00bb h\u00e4tte zu lang gedauert, aber schon oft, man h\u00e4tte noch l\u00e4nger zuh\u00f6ren k\u00f6nnen! <\/p>\n<p><a href=\"http:\/\/stanek.ch\/wordpress\/vergangene-vortrage-2000-2010\/\"><\/a>Bitte halten Sie auch ein Auge auf diese Rubrik, falls Sie an TV-Hinweisen (auch auf Privatstationen) interessiert sind. Immer wieder gab es bis in die j\u00fcngste Zeit, meist aus aktuellem Anlass, Interviews mit mir bei unz\u00e4hligen Radiostationen: Radio Aktuell, Radio Extra Bern, Radio BE1, Radio RaBe, Radio BEO, Radio Pilatus, Radio Central, Radio Z, Radio Sunshine, Radio Argovia, Radio 24, Radio Z\u00fcrisee u.v.m., ausserdem gelegentlich beim SF, Star TV, Tele Top, NZZ Format&#8230;<\/p>\n<p>Referate (wo nicht anders vermerkt oder verabredet) zum Thema\u00a0<strong>\u00abAktuelles zur Raumfahrt\u00bb<\/strong> gab es \u00fcber \u00fcber Jahre unter Verwendung der neuesten Versionen von den MultiMedia-DVD&#8217;s\u00a0 PlanetenLexikon und RaumfahrtLexikon &#8211; allerdings immer mit meinen Hardisk-Versionen. Dazu seit 2009 die abendf\u00fcllenden Kinofilme \u00abGeheimnisse des Universums\u00bb und \u00abFlugjahre zum Mond\u00bb. Seit 2012 verwenden alle meine Vortr\u00e4ge die von Grund auf neu programmierte Ablaufsteuerung im Full-HD-Format 1920&#215;1080 mit Animationen, die ebenfalls auf das neue Format umprogrammiert worden sind. Anschliessende Diskussionen sowie auf Wunsch Signierungen sind seit jeher selbstverst\u00e4ndlich.\u00a0Nur \u00f6ffentliche und allg. zug\u00e4ngliche Referate sind hier jeweils aufgef\u00fchrt; solche bei exklusiven Veranstaltern lassen sich hier i.a. nicht detailliert nennen. Ausser den hier aufgef\u00fchrten gab es z.B. schon Vortr\u00e4ge bei unz\u00e4hligen kleinen, aber auch einigen sehr grossen Organisationen mit bis zu \u00fcber 1000 Zuh\u00f6rern. Das Thema erfreut sich dank neuen Entwicklungen grosser Aktualit\u00e4t, fast wie zur Zeit der Apollo-Fl\u00fcge. Dies vor allem seit den faszinierenden Resultaten der Marssonden, privaten Raketen- und Raumschiffentwicklungen bis \u00abhinunter\u00bb zum Weltraumtourismus zu tun.<\/p>\n<h2>F\u00fcr Veranstalter<\/h2>\n<p>Seit der Zeit der ersten Apollo-Mondfl\u00fcge Ende 1968 sind Vortr\u00e4ge \u00fcber die Gebiete Raumfahrt und Astronomie mit Bruno Stanek ein Geheimtip f\u00fcr gut besuchte und begeisternde Veranstaltungen. Machen Sie sich in Ihrer Region beliebt durch die Organisation eines solchen Anlasses! Die Verhandlungen sind mit kaum einem Referenten einfacher als mit mir: Saal, Beamer und Leinwand, und zus\u00e4tzlich zu meiner etwas lokale Werbung aus der Erfahrung des Partners &#8211; der Rest ist Stanek.<br \/>\n<a href=\"http:\/\/stanek.ch\/wordpress\/vortraege\/aktuelle-vortragsthemen\/\">Veranstalter finden hier eine Liste aktueller Themen.<\/a><br \/>\nVorsicht: Diese Seite ist zwar sehr beliebt, aber sie hilft auch nicht weiter, wenn ein Veranstalter keine klare Vorstellung hat, wor\u00fcber er etwas h\u00f6ren m\u00f6chte&#8230;<\/p>\n<h2>Neue Film-Vortr\u00e4ge<\/h2>\n<p>In \u00abGeheimnisse des Universums\u00bb geht es erstmals weit \u00fcber die in Staneks Vortr\u00e4gen meist im Zentrum stehende Planetologie hinaus. Der Film umfasst auch weitere Fragen, die vom Publikum seit Jahrzehnten immer wieder gestellt werden, also auch Kosmologisches, Fragen nach der Unendlichkeit des Alls, allerneueste Erkenntnisse &#8211; nicht nur die Bilder &#8211; von Hubble u.v.m. Entstanden ist die Idee zu diesem zun\u00e4chst viel weniger umfangreich geplanten Film anl\u00e4sslich von \u00abSchlechtwetterprogrammen an Sternguckerabenden\u00bb. Daher werden am Schluss auch noch Tipps zu eigenen Beobachtungen mit oder ohne Teleskopen gegeben, welche die Lust erst recht heben, sich mit diesem Thema eine Freude zu machen!<\/p>\n<p>Ein ganz grosser Hit f\u00fcr alle, die Raumfahrt und Raumforschung nicht ganz kalt l\u00e4sst, weil sie von der Schule bis ins Leben nicht aufgepasst haben, ist nat\u00fcrlich der Film \u00abFlugjahre zum Mond\u00bb. Vergangenheit, Gegenwart und Zukunft kommen da zeitlos zusammen. Vermutlich sind es die 106 Minuten \u00abUnterhaltung ist Lustgewinn durch Verstehen\u00bb, die jeweils den grossen Applaus am Schluss bewirken.<\/p>\n<p>Auch dazu eine aktuelle Bemerkung: Vom Film zeige ich inzwischen nur noch die historischen Bez\u00fcge zu Apollo und nicht mehr das einstige Constellation-Gateway-NASA-Projekt, weil dieses total obsolet geworden ist. In einem zweiten Teil geht es dann jeweils um die Mond- und Marsprogramme von SpaceX, die praktisch t\u00e4glich aktualisiert werden.<\/p>\n","protected":false},"excerpt":{"rendered":"<p>Kommentar aus Altersgr\u00fcnden: Vortr\u00e4ge werden langsam schwieriger &#8211; ich werde dieses Jahr 82. Es gilt immer mehr, dass die Anl\u00e4sse nur noch unter idealen terminlichen und anderen Gr\u00fcnden stattfinden k\u00f6nnen. Anders gesagt, wenn sie beiden Seiten w\u00fcnschbar und machbar zugleich &hellip; <a href=\"http:\/\/stanek.ch\/wordpress\/vortraege\/\">Weiterlesen <span class=\"meta-nav\">&rarr;<\/span><\/a><\/p>\n","protected":false},"author":1,"featured_media":0,"parent":0,"menu_order":0,"comment_status":"closed","ping_status":"closed","template":"onecolumn-page.php","meta":{"footnotes":""},"class_list":["post-2","page","type-page","status-publish","hentry"],"_links":{"self":[{"href":"http:\/\/stanek.ch\/wordpress\/wp-json\/wp\/v2\/pages\/2","targetHints":{"allow":["GET"]}}],"collection":[{"href":"http:\/\/stanek.ch\/wordpress\/wp-json\/wp\/v2\/pages"}],"about":[{"href":"http:\/\/stanek.ch\/wordpress\/wp-json\/wp\/v2\/types\/page"}],"author":[{"embeddable":true,"href":"http:\/\/stanek.ch\/wordpress\/wp-json\/wp\/v2\/users\/1"}],"replies":[{"embeddable":true,"href":"http:\/\/stanek.ch\/wordpress\/wp-json\/wp\/v2\/comments?post=2"}],"version-history":[{"count":63,"href":"http:\/\/stanek.ch\/wordpress\/wp-json\/wp\/v2\/pages\/2\/revisions"}],"predecessor-version":[{"id":17566,"href":"http:\/\/stanek.ch\/wordpress\/wp-json\/wp\/v2\/pages\/2\/revisions\/17566"}],"wp:attachment":[{"href":"http:\/\/stanek.ch\/wordpress\/wp-json\/wp\/v2\/media?parent=2"}],"curies":[{"name":"wp","href":"https:\/\/api.w.org\/{rel}","templated":true}]}}